{"id":262,"date":"2021-01-19T13:32:06","date_gmt":"2021-01-19T13:32:06","guid":{"rendered":"https:\/\/www.blaser-k.ch\/wintergarten\/?page_id=262"},"modified":"2025-08-19T09:45:29","modified_gmt":"2025-08-19T09:45:29","slug":"uebersicht_wintergaerten","status":"publish","type":"page","link":"https:\/\/www.blaser-k.ch\/wintergarten\/uebersicht_wintergaerten\/","title":{"rendered":"\u00dcbersicht Winterg\u00e4rten Karl Blaser AG"},"content":{"rendered":"<p>[et_pb_section fb_built=&#187;1&#8243; fullwidth=&#187;on&#187; _builder_version=&#187;4.16&#8243; _module_preset=&#187;default&#187; global_colors_info=&#187;{}&#187;][et_pb_fullwidth_image src=&#187;https:\/\/www.blaser-k.ch\/wintergarten\/wp-content\/uploads\/2020\/11\/wintergarten-wohnqualitaet.jpg&#187; alt=&#187;Wintergarten \u2013 Isolierter Wintergarten \u2013 Sommergarten \u2013 kalter Wintergarten \u2013 temperierter Wintergarten \u2013 Wohnraumwerweiterung \u2013 Immergarten \u2013 Wintergarten beheizt \u2013 Wintergarten isoliert \u2013 Wintergarten thermisch getrennt \u2013 Isolierwintergarten \u2013 Hawaii80 \u2013 Wintergarten unbeheizt&#187; title_text=&#187;Wintergarten in Wohnraumqualit\u00e4t von Karl Blaser AG&#187; _builder_version=&#187;4.16&#8243; _module_preset=&#187;default&#187; max_height=&#187;650px&#187; global_colors_info=&#187;{}&#187;][\/et_pb_fullwidth_image][\/et_pb_section][et_pb_section fb_built=&#187;1&#8243; _builder_version=&#187;4.16&#8243; _module_preset=&#187;default&#187; custom_padding=&#187;50px||21px|||&#187; global_colors_info=&#187;{}&#187;][et_pb_row _builder_version=&#187;4.16&#8243; _module_preset=&#187;default&#187; custom_padding=&#187;0px||0px|||&#187; global_colors_info=&#187;{}&#187;][et_pb_column type=&#187;4_4&#8243; _builder_version=&#187;4.16&#8243; _module_preset=&#187;default&#187; global_colors_info=&#187;{}&#187;][et_pb_text _builder_version=&#187;4.16&#8243; _module_preset=&#187;default&#187; header_font=&#187;|700|||||||&#187; header_text_color=&#187;#505050&#8243; global_colors_info=&#187;{}&#187;]<\/p>\n<h1 style=\"text-align: center;\">Winterg\u00e4rten von Karl Blaser AG<\/h1>\n<p>[\/et_pb_text][et_pb_text _builder_version=&#187;4.16&#8243; _module_preset=&#187;default&#187; global_colors_info=&#187;{}&#187;]<\/p>\n<p style=\"text-align: center;\"><strong>Wir sind Wintergartenprofis. W<\/strong><strong>ir waren bei jedem Entwicklungsschritt dabei, v<\/strong><strong>on den ersten Aussenstuben aus Holz und Glas in den 90er Jahren bis zum heutigen beheizten Immergarten. Was immer Sie \u00fcber Winterg\u00e4rten wissen m\u00f6chten, wir kennen die Antwort!\u00a0<\/strong><\/p>\n<p style=\"text-align: center;\">Der Wintergarten wie man ihn heute kennt, hat seinen Ursprung in den herrschaftlichen Orangerien und den englischen &#171;Conservatories&#187;. Im 18. Jahrhundert entstanden in England Hausanbauten, die nur f\u00fcr Wohlhabende erschwinglich waren. Oft wurden auch Bauten f\u00fcr die Kultivierung von Fr\u00fcchten und Pflanzen aus \u00dcbersee errichtet. Schliesslich entdeckte man das besondere Wohn- und Lebensgef\u00fchl in diesen Anbauten. Sie wurden daher immer h\u00e4ufiger f\u00fcr private Zwecke gebaut.<\/p>\n<p>[\/et_pb_text][et_pb_text _builder_version=&#187;4.16&#8243; _module_preset=&#187;default&#187; custom_padding=&#187;15px||15px||false|false&#187; border_width_top=&#187;1px&#187; border_width_bottom=&#187;1px&#187; global_colors_info=&#187;{}&#187;]<\/p>\n<p style=\"text-align: center;\">Heute unterteilt man den &#171;klassischen&#187; Wintergarten in drei Kategorien.<\/p>\n<h3 style=\"text-align: center;\"><a href=\"https:\/\/www.blaser-k.ch\/wintergarten\/sommergarten-karl-blaser-ag\/\">Der <strong>Sommergarten,<\/strong><\/a><\/h3>\n<p style=\"text-align: center;\">der in unseren Breitengraden den Sommer verl\u00e4ngert und vor Wind und Regen sch\u00fctzt.<\/p>\n<h3 style=\"text-align: center;\"><a href=\"https:\/\/www.blaser-k.ch\/wintergarten\/wintergarten-details-referenzen\/\">Der <strong>Wintergarten<\/strong>,<\/a><\/h3>\n<p style=\"text-align: center;\">der den Winter verk\u00fcrzt und dank teilweise isolierter Bauteile mithilfe der Sonne den Raum aufw\u00e4rmen kann.<\/p>\n<h3 style=\"text-align: center;\"><a href=\"https:\/\/www.blaser-k.ch\/wintergarten\/immergarten-wohnraumerweiterung\/\">Der <strong>Immergarten,<\/strong><\/a><\/h3>\n<p style=\"text-align: center;\">der mit Heizung auch im Winter bewohnt werden kann und\u00a0den strengsten Energievorschriften entspricht.<\/p>\n<p>[\/et_pb_text][et_pb_text _builder_version=&#187;4.16&#8243; _module_preset=&#187;default&#187; custom_padding=&#187;0px|||||&#187; global_colors_info=&#187;{}&#187;]<\/p>\n<p style=\"text-align: center;\">Die Dachform des klassischen Wintergartens ist das Pultdach. Heute bauen wir aber auch moderne Flachdachwinterg\u00e4rten. Zu den verschiedenen Dachformen und M\u00f6glichkeiten der Verglasung erfahren Sie auf diesen Seiten mehr.<\/p>\n<p>[\/et_pb_text][et_pb_text _builder_version=&#187;4.16&#8243; _module_preset=&#187;default&#187; text_text_color=&#187;#000000&#8243; background_color=&#187;rgba(109,136,95,0.61)&#187; custom_padding=&#187;15px|15px|15px|15px|false|false&#187; border_radii=&#187;on|10px|10px|10px|10px&#187; global_colors_info=&#187;{}&#187;]<\/p>\n<p style=\"text-align: center;\"><strong>Entdecken Sie unsere BERNA Terrassenlounge. Geeignet f\u00fcr den Bau von Sommerg\u00e4rten, Winterg\u00e4rten und mit entsprechender Isolation und Dreifach-Verglasung sogar als beheizter Immergarten.<\/strong><\/p>\n<p>[\/et_pb_text][et_pb_button button_url=&#187;@ET-DC@eyJkeW5hbWljIjp0cnVlLCJjb250ZW50IjoicG9zdF9saW5rX3VybF9hdHRhY2htZW50Iiwic2V0dGluZ3MiOnsicG9zdF9pZCI6IjI1MjcifX0=@&#187; url_new_window=&#187;on&#187; button_text=&#187;BERNA-Terrassenlounge PDF-Flyer&#187; button_alignment=&#187;center&#187; _builder_version=&#187;4.16&#8243; _dynamic_attributes=&#187;button_url&#187; _module_preset=&#187;default&#187; custom_button=&#187;on&#187; button_text_size=&#187;18px&#187; button_text_color=&#187;#ffffff&#187; button_bg_color=&#187;#6d885f&#187; button_border_color=&#187;#ffffff&#187; button_border_radius=&#187;12px&#187; button_icon=&#187;&#xe092;||divi||400&#8243; custom_padding=&#187;||||false|false&#187; button_text_color_tablet=&#187;&#187; button_text_color_phone=&#187;&#187; button_text_color_last_edited=&#187;on|desktop&#187; locked=&#187;off&#187; global_colors_info=&#187;{}&#187; button_text_color__hover_enabled=&#187;on|hover&#187; button_text_color__hover=&#187;#ffffff&#187;][\/et_pb_button][et_pb_text _builder_version=&#187;4.16&#8243; _module_preset=&#187;default&#187; custom_padding=&#187;0px|||||&#187; global_colors_info=&#187;{}&#187;]<\/p>\n<p style=\"text-align: center;\">Ist Ihr Wintergarten etwas in die Jahre gekommen? Ist er vielleicht morsch oder sogar verfault? Wir sind auch in diesem Fall f\u00fcr Sie da. Oft lohnt es sich kaum mehr, die alten, ausgedienten Winterg\u00e4rten zu sanieren. Der Hausbesitzer entscheidet sich daher h\u00e4ufig, zusammen mit uns einen neuen, modernen und pflegeleichten Aluminiumwintergarten zu installieren.<\/p>\n<p>[\/et_pb_text][\/et_pb_column][\/et_pb_row][\/et_pb_section][et_pb_section fb_built=&#187;1&#8243; _builder_version=&#187;4.16&#8243; _module_preset=&#187;default&#187; background_color=&#187;#eee&#187; custom_margin=&#187;31px|||||&#187; locked=&#187;off&#187; global_colors_info=&#187;{}&#187;][et_pb_row column_structure=&#187;1_2,1_2&#8243; _builder_version=&#187;4.16&#8243; _module_preset=&#187;default&#187; custom_padding=&#187;||40px|||&#187; border_width_bottom=&#187;1px&#187; border_color_bottom=&#187;#505050&#8243; global_colors_info=&#187;{}&#187;][et_pb_column type=&#187;1_2&#8243; _builder_version=&#187;4.16&#8243; _module_preset=&#187;default&#187; global_colors_info=&#187;{}&#187;][et_pb_text disabled_on=&#187;on|on|off&#187; _builder_version=&#187;4.16&#8243; _module_preset=&#187;default&#187; header_2_text_color=&#187;#999&#8243; header_2_font_size=&#187;150px&#187; custom_margin=&#187;-130px||-90px|-90px|false|false&#187; custom_padding=&#187;||||false|false&#187; global_colors_info=&#187;{}&#187;]<\/p>\n<h2>1<\/h2>\n<p>[\/et_pb_text][et_pb_image src=&#187;https:\/\/www.blaser-k.ch\/wintergarten\/wp-content\/uploads\/2020\/11\/wintergarten-nicht-isoliert_uebersicht.jpg&#187; alt=&#187;Sommergarten Cubo Terrassenverglasung&#187; title_text=&#187;Sommergarten Cubo&#187; url=&#187;@ET-DC@eyJkeW5hbWljIjp0cnVlLCJjb250ZW50IjoicG9zdF9saW5rX3VybF9wYWdlIiwic2V0dGluZ3MiOnsicG9zdF9pZCI6IjI4NyJ9fQ==@&#187; _builder_version=&#187;4.16&#8243; _dynamic_attributes=&#187;url&#187; _module_preset=&#187;default&#187; animation_style=&#187;slide&#187; global_colors_info=&#187;{}&#187; transform_styles__hover_enabled=&#187;on|hover&#187; transform_scale__hover_enabled=&#187;on|hover&#187; transform_translate__hover_enabled=&#187;on|desktop&#187; transform_rotate__hover_enabled=&#187;on|desktop&#187; transform_skew__hover_enabled=&#187;on|desktop&#187; transform_origin__hover_enabled=&#187;on|desktop&#187; transform_scale__hover=&#187;105%|105%&#187;][\/et_pb_image][\/et_pb_column][et_pb_column type=&#187;1_2&#8243; _builder_version=&#187;4.16&#8243; _module_preset=&#187;default&#187; global_colors_info=&#187;{}&#187;][et_pb_text _builder_version=&#187;4.16&#8243; _module_preset=&#187;default&#187; text_text_color=&#187;#ffffff&#187; header_2_font=&#187;|700|||||||&#187; header_2_text_color=&#187;#ffffff&#187; background_color=&#187;#666&#8243; custom_padding=&#187;8px|12px|8px|14px|false|false&#187; border_radii=&#187;on|12px|12px|12px|12px&#187; global_colors_info=&#187;{}&#187;]<\/p>\n<h2>Der Sommergarten<\/h2>\n<p>Der Sommergarten sch\u00fctzt im Sommer vor Wind und Regen. Die Bauteile des Sommergartens sind nicht isoliert. Die Sonneneinstrahlung w\u00e4rmt den Raum sehr schnell nat\u00fcrlich auf. Dank den individuell gestaltbaren \u00d6ffnungsm\u00f6glichkeiten geniessen Sie die Verbindung zur Natur oder bleiben gesch\u00fctzt vor Wettereinfl\u00fcssen. Im Schutz des Sommergartens k\u00f6nnen Sie auch k\u00fchlere Sommerabende mit der Familie und Freunden draussen geniessen.<\/p>\n<p>[\/et_pb_text][et_pb_button button_url=&#187;@ET-DC@eyJkeW5hbWljIjp0cnVlLCJjb250ZW50IjoicG9zdF9saW5rX3VybF9wYWdlIiwic2V0dGluZ3MiOnsicG9zdF9pZCI6IjI4NyJ9fQ==@&#187; button_text=&#187;zu den Sommerg\u00e4rten&#187; _builder_version=&#187;4.16&#8243; _dynamic_attributes=&#187;button_url&#187; _module_preset=&#187;default&#187; custom_button=&#187;on&#187; button_text_size=&#187;18px&#187; button_text_color=&#187;#ffffff&#187; button_bg_color=&#187;#6d885f&#187; button_border_color=&#187;#ffffff&#187; button_text_color_tablet=&#187;&#187; button_text_color_phone=&#187;&#187; button_text_color_last_edited=&#187;on|desktop&#187; global_colors_info=&#187;{}&#187; button_text_color__hover_enabled=&#187;on|hover&#187; button_text_color__hover=&#187;#ffffff&#187;][\/et_pb_button][\/et_pb_column][\/et_pb_row][\/et_pb_section][et_pb_section fb_built=&#187;1&#8243; _builder_version=&#187;4.16&#8243; _module_preset=&#187;default&#187; background_color=&#187;#ffffff&#187; locked=&#187;off&#187; global_colors_info=&#187;{}&#187;][et_pb_row column_structure=&#187;1_2,1_2&#8243; _builder_version=&#187;4.16&#8243; _module_preset=&#187;default&#187; custom_padding=&#187;||40px|||&#187; border_width_bottom=&#187;1px&#187; border_color_bottom=&#187;#505050&#8243; global_colors_info=&#187;{}&#187;][et_pb_column type=&#187;1_2&#8243; _builder_version=&#187;4.16&#8243; _module_preset=&#187;default&#187; global_colors_info=&#187;{}&#187;][et_pb_text disabled_on=&#187;on|on|off&#187; _builder_version=&#187;4.16&#8243; _module_preset=&#187;default&#187; header_2_text_color=&#187;#999&#8243; header_2_font_size=&#187;150px&#187; custom_margin=&#187;-130px||-90px|-90px|false|false&#187; custom_padding=&#187;||||false|false&#187; locked=&#187;off&#187; global_colors_info=&#187;{}&#187;]<\/p>\n<h2>2<\/h2>\n<p>[\/et_pb_text][et_pb_image src=&#187;https:\/\/www.blaser-k.ch\/wintergarten\/wp-content\/uploads\/2020\/11\/wintergarten-teilisoliert_uebersicht_hell.jpg&#187; alt=&#187;Wintergarten isoliert Hawaii 80 Pultdach&#187; title_text=&#187;Wintergarten Hawaii 80 Pultdach&#187; url=&#187;@ET-DC@eyJkeW5hbWljIjp0cnVlLCJjb250ZW50IjoicG9zdF9saW5rX3VybF9wYWdlIiwic2V0dGluZ3MiOnsicG9zdF9pZCI6IjM4MCJ9fQ==@&#187; _builder_version=&#187;4.16&#8243; _dynamic_attributes=&#187;url&#187; _module_preset=&#187;default&#187; animation_style=&#187;slide&#187; global_colors_info=&#187;{}&#187; transform_styles__hover_enabled=&#187;on|hover&#187; transform_scale__hover_enabled=&#187;on|hover&#187; transform_translate__hover_enabled=&#187;on|desktop&#187; transform_rotate__hover_enabled=&#187;on|desktop&#187; transform_skew__hover_enabled=&#187;on|desktop&#187; transform_origin__hover_enabled=&#187;on|desktop&#187; transform_scale__hover=&#187;105%|105%&#187;][\/et_pb_image][\/et_pb_column][et_pb_column type=&#187;1_2&#8243; _builder_version=&#187;4.16&#8243; _module_preset=&#187;default&#187; global_colors_info=&#187;{}&#187;][et_pb_text _builder_version=&#187;4.16&#8243; _module_preset=&#187;default&#187; text_text_color=&#187;#ffffff&#187; header_2_font=&#187;|700|||||||&#187; header_2_text_color=&#187;#ffffff&#187; background_color=&#187;#666&#8243; custom_padding=&#187;8px|12px|8px|14px|false|false&#187; border_radii=&#187;on|12px|12px|12px|12px&#187; locked=&#187;off&#187; global_colors_info=&#187;{}&#187;]<\/p>\n<h2>Der Wintergarten<\/h2>\n<p>Wann wird es endlich wieder w\u00e4rmer? In einem Wintergarten etwas fr\u00fcher! Beim Wintergarten sind Gl\u00e4ser und Profile in der Regel isoliert, damit die Sonnenw\u00e4rme l\u00e4nger im Raum verbleibt. Diese wohlige, nat\u00fcrliche W\u00e4rme macht den Wintergarten so beliebt. Die Aussentemperatur ist vielleicht noch etwas tief, aber Sie geniessen bereits das Gef\u00fchl, in der Natur zu sitzen.<\/p>\n<p>[\/et_pb_text][et_pb_button button_url=&#187;@ET-DC@eyJkeW5hbWljIjp0cnVlLCJjb250ZW50IjoicG9zdF9saW5rX3VybF9wYWdlIiwic2V0dGluZ3MiOnsicG9zdF9pZCI6IjM4MCJ9fQ==@&#187; button_text=&#187;zu den Winterg\u00e4rten&#187; _builder_version=&#187;4.16&#8243; _dynamic_attributes=&#187;button_url&#187; _module_preset=&#187;default&#187; custom_button=&#187;on&#187; button_text_size=&#187;18px&#187; button_text_color=&#187;#ffffff&#187; button_bg_color=&#187;#6d885f&#187; button_border_color=&#187;#ffffff&#187; button_text_color_tablet=&#187;&#187; button_text_color_phone=&#187;&#187; button_text_color_last_edited=&#187;on|desktop&#187; global_colors_info=&#187;{}&#187; button_text_color__hover_enabled=&#187;on|hover&#187; button_text_color__hover=&#187;#ffffff&#187;][\/et_pb_button][\/et_pb_column][\/et_pb_row][\/et_pb_section][et_pb_section fb_built=&#187;1&#8243; _builder_version=&#187;4.16&#8243; _module_preset=&#187;default&#187; background_color=&#187;#eeeeee&#187; locked=&#187;off&#187; global_colors_info=&#187;{}&#187;][et_pb_row column_structure=&#187;1_2,1_2&#8243; _builder_version=&#187;4.16&#8243; _module_preset=&#187;default&#187; custom_padding=&#187;||40px|||&#187; border_width_bottom=&#187;1px&#187; border_color_bottom=&#187;#505050&#8243; global_colors_info=&#187;{}&#187;][et_pb_column type=&#187;1_2&#8243; _builder_version=&#187;4.16&#8243; _module_preset=&#187;default&#187; global_colors_info=&#187;{}&#187;][et_pb_text disabled_on=&#187;on|on|off&#187; _builder_version=&#187;4.16&#8243; _module_preset=&#187;default&#187; header_2_text_color=&#187;#999&#8243; header_2_font_size=&#187;150px&#187; custom_margin=&#187;-130px||-90px|-90px|false|false&#187; custom_padding=&#187;||||false|false&#187; locked=&#187;off&#187; global_colors_info=&#187;{}&#187;]<\/p>\n<h2>3<\/h2>\n<p>[\/et_pb_text][et_pb_image src=&#187;https:\/\/www.blaser-k.ch\/wintergarten\/wp-content\/uploads\/2020\/11\/wintergarten-isoliert_uebersicht.jpg&#187; alt=&#187;Wintergarten \u2013 Isolierter Wintergarten \u2013 Sommergarten \u2013 kalter Wintergarten \u2013 temperierter Wintergarten \u2013 Wohnraumwerweiterung \u2013 Immergarten \u2013 Wintergarten beheizt \u2013 Wintergarten isoliert \u2013 Wintergarten thermisch getrennt \u2013 Isolierwintergarten \u2013 Hawaii80 \u2013 Wintergarten unbeheizt&#187; title_text=&#187;Winterg\u00e4rten von Karl Blaser AG&#187; url=&#187;@ET-DC@eyJkeW5hbWljIjp0cnVlLCJjb250ZW50IjoicG9zdF9saW5rX3VybF9wYWdlIiwic2V0dGluZ3MiOnsicG9zdF9pZCI6IjQzMiJ9fQ==@&#187; _builder_version=&#187;4.16&#8243; _dynamic_attributes=&#187;url&#187; _module_preset=&#187;default&#187; animation_style=&#187;slide&#187; global_colors_info=&#187;{}&#187; transform_styles__hover_enabled=&#187;on|hover&#187; transform_scale__hover_enabled=&#187;on|hover&#187; transform_translate__hover_enabled=&#187;on|desktop&#187; transform_rotate__hover_enabled=&#187;on|desktop&#187; transform_skew__hover_enabled=&#187;on|desktop&#187; transform_origin__hover_enabled=&#187;on|desktop&#187; transform_scale__hover=&#187;105%|105%&#187;][\/et_pb_image][\/et_pb_column][et_pb_column type=&#187;1_2&#8243; _builder_version=&#187;4.16&#8243; _module_preset=&#187;default&#187; global_colors_info=&#187;{}&#187;][et_pb_text _builder_version=&#187;4.16&#8243; _module_preset=&#187;default&#187; text_text_color=&#187;#ffffff&#187; header_2_font=&#187;|700|||||||&#187; header_2_text_color=&#187;#ffffff&#187; background_color=&#187;#666&#8243; custom_padding=&#187;8px|12px|8px|14px|false|false&#187; border_radii=&#187;on|12px|12px|12px|12px&#187; locked=&#187;off&#187; global_colors_info=&#187;{}&#187;]<\/p>\n<h2>Der Immergarten<\/h2>\n<p>Der Immergarten tr\u00e4gt seinen Namen zu Recht. Er sorgt f\u00fcr N\u00e4he zur Natur &#8211; im Fr\u00fchling, Sommer, Herbst und Winter. Hier herrscht das ganze Jahr \u00fcber Wohlf\u00fchltemperatur. Die grossen Glasfl\u00e4chen im dauerhaft beheizten Immergarten bieten ein einzigartiges Raumerlebnis. Ein oft stufenloser \u00dcbergang in den Garten verbindet den Raum mit der Natur.<\/p>\n<p>[\/et_pb_text][et_pb_button button_url=&#187;@ET-DC@eyJkeW5hbWljIjp0cnVlLCJjb250ZW50IjoicG9zdF9saW5rX3VybF9wYWdlIiwic2V0dGluZ3MiOnsicG9zdF9pZCI6IjQzMiJ9fQ==@&#187; button_text=&#187;zu den Immerg\u00e4rten&#187; _builder_version=&#187;4.16&#8243; _dynamic_attributes=&#187;button_url&#187; _module_preset=&#187;default&#187; custom_button=&#187;on&#187; button_text_size=&#187;18px&#187; button_text_color=&#187;#ffffff&#187; button_bg_color=&#187;#6d885f&#187; button_border_color=&#187;#ffffff&#187; button_text_color_tablet=&#187;&#187; button_text_color_phone=&#187;&#187; button_text_color_last_edited=&#187;on|desktop&#187; global_colors_info=&#187;{}&#187; button_text_color__hover_enabled=&#187;on|hover&#187; button_text_color__hover=&#187;#ffffff&#187;][\/et_pb_button][\/et_pb_column][\/et_pb_row][\/et_pb_section][et_pb_section fb_built=&#187;1&#8243; _builder_version=&#187;4.16&#8243; _module_preset=&#187;default&#187; background_color=&#187;#ffffff&#187; custom_padding=&#187;50px||70px|||&#187; locked=&#187;off&#187; global_colors_info=&#187;{}&#187;][et_pb_row _builder_version=&#187;4.16&#8243; _module_preset=&#187;default&#187; custom_padding=&#187;0px||0px|||&#187; global_colors_info=&#187;{}&#187;][et_pb_column type=&#187;4_4&#8243; _builder_version=&#187;4.16&#8243; _module_preset=&#187;default&#187; global_colors_info=&#187;{}&#187;][et_pb_text _builder_version=&#187;4.16&#8243; _module_preset=&#187;default&#187; header_font=&#187;|700|||||||&#187; header_text_color=&#187;#505050&#8243; custom_margin=&#187;||15px|||&#187; global_colors_info=&#187;{}&#187;]<\/p>\n<h1 style=\"text-align: center;\">Das sagen unsere Kunden<\/h1>\n<p>[\/et_pb_text][et_pb_text _builder_version=&#187;4.16&#8243; _module_preset=&#187;default&#187; custom_padding=&#187;0px||0px|||&#187; global_colors_info=&#187;{}&#187;]<\/p>\n<p style=\"text-align: center;\"><strong>Nach Abschluss eines Projekts interessiert es uns, wie unsere Kunden die Zusammenarbeit mit der Karl Blaser AG erlebt haben. Gerne zeigen wir Ihnen hier einige R\u00fcckmeldungen. Wir freuen uns, auch Sie schon bald zu unseren gl\u00fccklichen Kunden z\u00e4hlen zu d\u00fcrfen.<\/strong><\/p>\n<p>[\/et_pb_text][et_pb_gallery gallery_ids=&#187;2481,2478,1142,1143,1144,1145,1146,1147,1148,1581,1582,1583,1584,2483,2482,2480,2479,2488&#8243; show_title_and_caption=&#187;off&#187; show_pagination=&#187;off&#187; _builder_version=&#187;4.16&#8243; _module_preset=&#187;default&#187; custom_margin=&#187;||||false|false&#187; custom_padding=&#187;||||false|false&#187; border_color_all=&#187;#666666&#8243; box_shadow_style_image=&#187;preset1&#8243; locked=&#187;off&#187; global_colors_info=&#187;{}&#187;][\/et_pb_gallery][\/et_pb_column][\/et_pb_row][\/et_pb_section][et_pb_section fb_built=&#187;1&#8243; _builder_version=&#187;4.16&#8243; _module_preset=&#187;default&#187; use_background_color_gradient=&#187;on&#187; background_color_gradient_stops=&#187;#eeeeee 0%|#eee 100%&#187; background_color_gradient_start=&#187;#eeeeee&#187; background_color_gradient_end=&#187;#eee&#187; background_enable_image=&#187;off&#187; custom_margin=&#187;31px|||||&#187; custom_padding=&#187;||33px|||&#187; global_colors_info=&#187;{}&#187;][et_pb_row _builder_version=&#187;4.16&#8243; _module_preset=&#187;default&#187; global_colors_info=&#187;{}&#187;][et_pb_column type=&#187;4_4&#8243; _builder_version=&#187;4.16&#8243; _module_preset=&#187;default&#187; global_colors_info=&#187;{}&#187;][et_pb_cta title=&#187;Schauen Sie sich unsere Referenzen an&#187; button_url=&#187;@ET-DC@eyJkeW5hbWljIjp0cnVlLCJjb250ZW50IjoicG9zdF9saW5rX3VybF9wYWdlIiwic2V0dGluZ3MiOnsicG9zdF9pZCI6IjExNjMifX0=@&#187; button_text=&#187;Zu den Referenz-Fotogalerien&#187; _builder_version=&#187;4.16&#8243; _dynamic_attributes=&#187;button_url&#187; _module_preset=&#187;default&#187; header_font=&#187;|700|||||||&#187; body_font=&#187;|700|||||||&#187; background_color=&#187;#8caddc&#187; border_radii=&#187;on|20px|20px|20px|20px&#187; box_shadow_style=&#187;preset3&#8243; global_colors_info=&#187;{}&#187;]<\/p>\n<p>Noch mehr Inspiration! In der Rubrik Referenzen finden Sie eine Unmenge von Objekten, die Karl Blaser AG in den letzten Jahren gebaut hat.<\/p>\n<p>\u00dcbrigens: Alle Bilder auf unserer Website zeigen Projekte, die wir geplant und mit unserem eigenen Montageteam realisiert haben.<\/p>\n<p>[\/et_pb_cta][\/et_pb_column][\/et_pb_row][\/et_pb_section][et_pb_section fb_built=&#187;1&#8243; fullwidth=&#187;on&#187; _builder_version=&#187;4.16&#8243; _module_preset=&#187;default&#187; box_shadow_style=&#187;preset3&#8243; global_colors_info=&#187;{}&#187;][et_pb_fullwidth_slider show_arrows=&#187;off&#187; show_pagination=&#187;off&#187; _builder_version=&#187;4.27.4&#8243; _dynamic_attributes=&#187;link_option_url&#187; _module_preset=&#187;default&#187; background_color=&#187;#afafaf&#187; background_image=&#187;https:\/\/www.blaser-k.ch\/wintergarten\/wp-content\/uploads\/2024\/10\/wintergartenausstellung_102.jpg&#187; background_blend=&#187;multiply&#187; link_option_url=&#187;@ET-DC@eyJkeW5hbWljIjp0cnVlLCJjb250ZW50IjoicG9zdF9saW5rX3VybF9wYWdlIiwic2V0dGluZ3MiOnsicG9zdF9pZCI6IjEwNzIifX0=@&#187; hover_enabled=&#187;0&#8243; global_colors_info=&#187;{}&#187; sticky_enabled=&#187;0&#8243;][et_pb_slide heading=&#187;Wintergarten-Ausstellung in Krauchthal&#187; button_text=&#187;zur Ausstellung&#187; button_link=&#187;@ET-DC@eyJkeW5hbWljIjp0cnVlLCJjb250ZW50IjoicG9zdF9saW5rX3VybF9wYWdlIiwic2V0dGluZ3MiOnsicG9zdF9pZCI6IjEwNzIifX0=@&#187; _builder_version=&#187;4.27.4&#8243; _dynamic_attributes=&#187;button_link&#187; _module_preset=&#187;default&#187; header_font=&#187;|700|||||||&#187; header_font_size=&#187;42px&#187; header_line_height=&#187;1.4em&#187; body_font=&#187;||||||||&#187; custom_button=&#187;on&#187; button_bg_color=&#187;#6D885F&#187; hover_enabled=&#187;0&#8243; global_colors_info=&#187;{}&#187; sticky_transition=&#187;on&#187; sticky_enabled=&#187;0&#8243;]<\/p>\n<p>Inspiration finden Sie auch auf einem Spaziergang durch unsere grossz\u00fcgige Ausstellung im Freien. Auf \u00fcber 1200\u00a0m2 sind verschiedenste Winterg\u00e4rten, \u00dcberdachungen und Verglasungen ausgestellt.\u00a0Fast ein kleines Dorf! Das einzigartig gestaltete Areal ist auch am Wochenende frei zug\u00e4nglich. Wir freuen uns auf Ihren Besuch.<\/p>\n<p>[\/et_pb_slide][\/et_pb_fullwidth_slider][\/et_pb_section][et_pb_section fb_built=&#187;1&#8243; _builder_version=&#187;4.5.6&#8243; _module_preset=&#187;default&#187; background_color=&#187;#6d885f&#187; custom_padding=&#187;40px||40px|||&#187; global_module=&#187;994&#8243; saved_tabs=&#187;all&#187; locked=&#187;off&#187; global_colors_info=&#187;{}&#187;][et_pb_row _builder_version=&#187;4.16&#8243; _module_preset=&#187;default&#187; background_color=&#187;rgba(255,255,255,0.66)&#187; custom_margin=&#187;||||false|false&#187; custom_padding=&#187;20px|24px|20px|24px|false|false&#187; border_radii=&#187;on|12px|12px|12px|12px&#187; global_colors_info=&#187;{}&#187;][et_pb_column type=&#187;4_4&#8243; _builder_version=&#187;4.16&#8243; _module_preset=&#187;default&#187; global_colors_info=&#187;{}&#187;][et_pb_contact_form use_spam_service=&#187;on&#187; recaptcha_list=&#187;blaser-kch-0&#8243; email=&#187;info@blaser-k.ch, atelier@atelierkaempfer.ch&#187; title=&#187;Wir beraten Sie gerne!&#187; custom_message=&#187;\/\/Kontaktaufnahme Website Karl Blaser AG\/\/||et_pb_line_break_holder||||et_pb_line_break_holder||Name des Kontaktes: %%Name%%||et_pb_line_break_holder||||et_pb_line_break_holder||Vorname des Kontaktes: %%Vorname%%||et_pb_line_break_holder||||et_pb_line_break_holder||Adresse des Kontaktes: %%Adresse%%||et_pb_line_break_holder||||et_pb_line_break_holder||Ortschaft des Kontaktes: %%Ort%%||et_pb_line_break_holder||||et_pb_line_break_holder||E-Mail-Adresse des Kontaktes: %%Email%%||et_pb_line_break_holder||||et_pb_line_break_holder||Telefon des Kontaktes: %%Telefon%%||et_pb_line_break_holder||||et_pb_line_break_holder||Nachricht des Kontaktes: %%Message%%||et_pb_line_break_holder||||et_pb_line_break_holder||Kontakt interessiert sich f\u00fcr: %%Interesse1%%||et_pb_line_break_holder||||et_pb_line_break_holder||Kontakt interessiert sich f\u00fcr: %%Interesse2%%&#187; success_message=&#187;Vielen Dank f\u00fcr Ihre Nachricht. Sie h\u00f6ren bald von Karl Blaser AG.&#187; submit_button_text=&#187;senden&#187; _builder_version=&#187;4.16&#8243; _module_preset=&#187;default&#187; _unique_id=&#187;17787b5d-63b6-4830-bf43-2b612acc52ea&#187; title_font=&#187;|700|||||||&#187; title_text_color=&#187;#000000&#8243; custom_button=&#187;on&#187; button_text_color=&#187;#ffffff&#187; button_bg_color=&#187;#6d885f&#187; button_border_width=&#187;0px&#187; button_custom_margin=&#187;||||false|false&#187; button_custom_padding=&#187;||||false|false&#187; custom_padding=&#187;||0px|||&#187; global_colors_info=&#187;{}&#187;][et_pb_contact_field field_id=&#187;Name&#187; field_title=&#187;Name&#187; _builder_version=&#187;4.16&#8243; global_colors_info=&#187;{}&#187; button_text_size__hover_enabled=&#187;off&#187; button_one_text_size__hover_enabled=&#187;off&#187; button_two_text_size__hover_enabled=&#187;off&#187; button_text_color__hover_enabled=&#187;off&#187; button_one_text_color__hover_enabled=&#187;off&#187; button_two_text_color__hover_enabled=&#187;off&#187; button_border_width__hover_enabled=&#187;off&#187; button_one_border_width__hover_enabled=&#187;off&#187; button_two_border_width__hover_enabled=&#187;off&#187; button_border_color__hover_enabled=&#187;off&#187; button_one_border_color__hover_enabled=&#187;off&#187; button_two_border_color__hover_enabled=&#187;off&#187; button_border_radius__hover_enabled=&#187;off&#187; button_one_border_radius__hover_enabled=&#187;off&#187; button_two_border_radius__hover_enabled=&#187;off&#187; button_letter_spacing__hover_enabled=&#187;off&#187; button_one_letter_spacing__hover_enabled=&#187;off&#187; button_two_letter_spacing__hover_enabled=&#187;off&#187; button_bg_color__hover_enabled=&#187;off&#187; button_one_bg_color__hover_enabled=&#187;off&#187; button_two_bg_color__hover_enabled=&#187;off&#187;][\/et_pb_contact_field][et_pb_contact_field field_id=&#187;Vorname&#187; field_title=&#187;Vorname&#187; _builder_version=&#187;4.16&#8243; global_colors_info=&#187;{}&#187; button_text_size__hover_enabled=&#187;off&#187; button_one_text_size__hover_enabled=&#187;off&#187; button_two_text_size__hover_enabled=&#187;off&#187; button_text_color__hover_enabled=&#187;off&#187; button_one_text_color__hover_enabled=&#187;off&#187; button_two_text_color__hover_enabled=&#187;off&#187; button_border_width__hover_enabled=&#187;off&#187; button_one_border_width__hover_enabled=&#187;off&#187; button_two_border_width__hover_enabled=&#187;off&#187; button_border_color__hover_enabled=&#187;off&#187; button_one_border_color__hover_enabled=&#187;off&#187; button_two_border_color__hover_enabled=&#187;off&#187; button_border_radius__hover_enabled=&#187;off&#187; button_one_border_radius__hover_enabled=&#187;off&#187; button_two_border_radius__hover_enabled=&#187;off&#187; button_letter_spacing__hover_enabled=&#187;off&#187; button_one_letter_spacing__hover_enabled=&#187;off&#187; button_two_letter_spacing__hover_enabled=&#187;off&#187; button_bg_color__hover_enabled=&#187;off&#187; button_one_bg_color__hover_enabled=&#187;off&#187; button_two_bg_color__hover_enabled=&#187;off&#187;][\/et_pb_contact_field][et_pb_contact_field field_id=&#187;Adresse&#187; field_title=&#187;Adresse&#187; _builder_version=&#187;4.16&#8243; global_colors_info=&#187;{}&#187; button_text_size__hover_enabled=&#187;off&#187; button_one_text_size__hover_enabled=&#187;off&#187; button_two_text_size__hover_enabled=&#187;off&#187; button_text_color__hover_enabled=&#187;off&#187; button_one_text_color__hover_enabled=&#187;off&#187; button_two_text_color__hover_enabled=&#187;off&#187; button_border_width__hover_enabled=&#187;off&#187; button_one_border_width__hover_enabled=&#187;off&#187; button_two_border_width__hover_enabled=&#187;off&#187; button_border_color__hover_enabled=&#187;off&#187; button_one_border_color__hover_enabled=&#187;off&#187; button_two_border_color__hover_enabled=&#187;off&#187; button_border_radius__hover_enabled=&#187;off&#187; button_one_border_radius__hover_enabled=&#187;off&#187; button_two_border_radius__hover_enabled=&#187;off&#187; button_letter_spacing__hover_enabled=&#187;off&#187; button_one_letter_spacing__hover_enabled=&#187;off&#187; button_two_letter_spacing__hover_enabled=&#187;off&#187; button_bg_color__hover_enabled=&#187;off&#187; button_one_bg_color__hover_enabled=&#187;off&#187; button_two_bg_color__hover_enabled=&#187;off&#187;][\/et_pb_contact_field][et_pb_contact_field field_id=&#187;Ort&#187; field_title=&#187;PLZ | Ort&#187; _builder_version=&#187;4.16&#8243; global_colors_info=&#187;{}&#187; button_text_size__hover_enabled=&#187;off&#187; button_one_text_size__hover_enabled=&#187;off&#187; button_two_text_size__hover_enabled=&#187;off&#187; button_text_color__hover_enabled=&#187;off&#187; button_one_text_color__hover_enabled=&#187;off&#187; button_two_text_color__hover_enabled=&#187;off&#187; button_border_width__hover_enabled=&#187;off&#187; button_one_border_width__hover_enabled=&#187;off&#187; button_two_border_width__hover_enabled=&#187;off&#187; button_border_color__hover_enabled=&#187;off&#187; button_one_border_color__hover_enabled=&#187;off&#187; button_two_border_color__hover_enabled=&#187;off&#187; button_border_radius__hover_enabled=&#187;off&#187; button_one_border_radius__hover_enabled=&#187;off&#187; button_two_border_radius__hover_enabled=&#187;off&#187; button_letter_spacing__hover_enabled=&#187;off&#187; button_one_letter_spacing__hover_enabled=&#187;off&#187; button_two_letter_spacing__hover_enabled=&#187;off&#187; button_bg_color__hover_enabled=&#187;off&#187; button_one_bg_color__hover_enabled=&#187;off&#187; button_two_bg_color__hover_enabled=&#187;off&#187;][\/et_pb_contact_field][et_pb_contact_field field_id=&#187;Email&#187; field_title=&#187;E-Mail&#187; field_type=&#187;email&#187; _builder_version=&#187;4.16&#8243; global_colors_info=&#187;{}&#187; button_text_size__hover_enabled=&#187;off&#187; button_one_text_size__hover_enabled=&#187;off&#187; button_two_text_size__hover_enabled=&#187;off&#187; button_text_color__hover_enabled=&#187;off&#187; button_one_text_color__hover_enabled=&#187;off&#187; button_two_text_color__hover_enabled=&#187;off&#187; button_border_width__hover_enabled=&#187;off&#187; button_one_border_width__hover_enabled=&#187;off&#187; button_two_border_width__hover_enabled=&#187;off&#187; button_border_color__hover_enabled=&#187;off&#187; button_one_border_color__hover_enabled=&#187;off&#187; button_two_border_color__hover_enabled=&#187;off&#187; button_border_radius__hover_enabled=&#187;off&#187; button_one_border_radius__hover_enabled=&#187;off&#187; button_two_border_radius__hover_enabled=&#187;off&#187; button_letter_spacing__hover_enabled=&#187;off&#187; button_one_letter_spacing__hover_enabled=&#187;off&#187; button_two_letter_spacing__hover_enabled=&#187;off&#187; button_bg_color__hover_enabled=&#187;off&#187; button_one_bg_color__hover_enabled=&#187;off&#187; button_two_bg_color__hover_enabled=&#187;off&#187;][\/et_pb_contact_field][et_pb_contact_field field_id=&#187;Telefon&#187; field_title=&#187;Telefon&#187; _builder_version=&#187;4.16&#8243; global_colors_info=&#187;{}&#187; button_text_size__hover_enabled=&#187;off&#187; button_one_text_size__hover_enabled=&#187;off&#187; button_two_text_size__hover_enabled=&#187;off&#187; button_text_color__hover_enabled=&#187;off&#187; button_one_text_color__hover_enabled=&#187;off&#187; button_two_text_color__hover_enabled=&#187;off&#187; button_border_width__hover_enabled=&#187;off&#187; button_one_border_width__hover_enabled=&#187;off&#187; button_two_border_width__hover_enabled=&#187;off&#187; button_border_color__hover_enabled=&#187;off&#187; button_one_border_color__hover_enabled=&#187;off&#187; button_two_border_color__hover_enabled=&#187;off&#187; button_border_radius__hover_enabled=&#187;off&#187; button_one_border_radius__hover_enabled=&#187;off&#187; button_two_border_radius__hover_enabled=&#187;off&#187; button_letter_spacing__hover_enabled=&#187;off&#187; button_one_letter_spacing__hover_enabled=&#187;off&#187; button_two_letter_spacing__hover_enabled=&#187;off&#187; button_bg_color__hover_enabled=&#187;off&#187; button_one_bg_color__hover_enabled=&#187;off&#187; button_two_bg_color__hover_enabled=&#187;off&#187;][\/et_pb_contact_field][et_pb_contact_field field_id=&#187;Message&#187; field_title=&#187;Nachricht&#187; field_type=&#187;text&#187; fullwidth_field=&#187;on&#187; _builder_version=&#187;4.16&#8243; global_colors_info=&#187;{}&#187; button_text_size__hover_enabled=&#187;off&#187; button_one_text_size__hover_enabled=&#187;off&#187; button_two_text_size__hover_enabled=&#187;off&#187; button_text_color__hover_enabled=&#187;off&#187; button_one_text_color__hover_enabled=&#187;off&#187; button_two_text_color__hover_enabled=&#187;off&#187; button_border_width__hover_enabled=&#187;off&#187; button_one_border_width__hover_enabled=&#187;off&#187; button_two_border_width__hover_enabled=&#187;off&#187; button_border_color__hover_enabled=&#187;off&#187; button_one_border_color__hover_enabled=&#187;off&#187; button_two_border_color__hover_enabled=&#187;off&#187; button_border_radius__hover_enabled=&#187;off&#187; button_one_border_radius__hover_enabled=&#187;off&#187; button_two_border_radius__hover_enabled=&#187;off&#187; button_letter_spacing__hover_enabled=&#187;off&#187; button_one_letter_spacing__hover_enabled=&#187;off&#187; button_two_letter_spacing__hover_enabled=&#187;off&#187; button_bg_color__hover_enabled=&#187;off&#187; button_one_bg_color__hover_enabled=&#187;off&#187; button_two_bg_color__hover_enabled=&#187;off&#187;][\/et_pb_contact_field][et_pb_contact_field field_id=&#187;Interesse1&#8243; field_title=&#187;Ich interessiere mich f\u00fcr:&#187; field_type=&#187;checkbox&#187; checkbox_options=&#187;%91{%22value%22:%22Sommergarten%22,%22checked%22:0,%22dragID%22:-1},{%22value%22:%22Wintergarten%22,%22checked%22:0,%22dragID%22:0},{%22value%22:%22Immergarten%22,%22checked%22:0,%22dragID%22:1},{%22value%22:%22Glasdach%22,%22checked%22:0,%22dragID%22:2},{%22value%22:%22Lamellenpergola%22,%22checked%22:0,%22dragID%22:3},{%22value%22:%22CUBIE Gartenhaus%22,%22checked%22:0,%22dragID%22:4,%22link_url%22:%22%22,%22link_text%22:%22%22}%93&#8243; required_mark=&#187;off&#187; _builder_version=&#187;4.16&#8243; _module_preset=&#187;default&#187; global_colors_info=&#187;{}&#187;][\/et_pb_contact_field][et_pb_contact_field field_id=&#187;Interesse2&#8243; field_title=&#187; &#187; field_type=&#187;checkbox&#187; checkbox_options=&#187;%91{%22value%22:%22Terrassenlounge BERNA%22,%22checked%22:0,%22dragID%22:-1},{%22value%22:%22Carport%22,%22checked%22:0,%22dragID%22:0},{%22value%22:%22Textilbeschattung%22,%22checked%22:0,%22dragID%22:1},{%22value%22:%22Sommerverglasung%22,%22checked%22:0,%22dragID%22:2},{%22value%22:%22Winterverglasung%22,%22checked%22:0,%22dragID%22:3},{%22value%22:%22Immerverglasung%22,%22checked%22:0,%22dragID%22:4}%93&#8243; required_mark=&#187;off&#187; _builder_version=&#187;4.16&#8243; _module_preset=&#187;default&#187; global_colors_info=&#187;{}&#187;][\/et_pb_contact_field][\/et_pb_contact_form][et_pb_text _builder_version=&#187;4.16&#8243; _module_preset=&#187;default&#187; link_text_color=&#187;#000000&#8243; header_2_font=&#187;|700|||||||&#187; max_width=&#187;77%&#187; link_option_url=&#187;mailto:info@blaser-k.ch&#187; locked=&#187;off&#187; global_colors_info=&#187;{}&#187;]<\/p>\n<p><strong>Falls Sie uns Fotos Ihres Objektes oder Ihrer Situation zustellen m\u00f6chten, senden Sie uns zus\u00e4tzlich zum Kontaktformular ein Mail unter info@blaser-k.ch<\/strong><\/p>\n<p>[\/et_pb_text][\/et_pb_column][\/et_pb_row][\/et_pb_section][et_pb_section fb_built=&#187;1&#8243; _builder_version=&#187;4.5.6&#8243; _module_preset=&#187;default&#187; background_color=&#187;#505050&#8243; custom_padding=&#187;30px||24px|||&#187; global_module=&#187;1018&#8243; saved_tabs=&#187;all&#187; global_colors_info=&#187;{}&#187;][et_pb_row column_structure=&#187;1_3,1_3,1_3&#8243; _builder_version=&#187;4.16&#8243; _module_preset=&#187;default&#187; global_colors_info=&#187;{}&#187;][et_pb_column type=&#187;1_3&#8243; _builder_version=&#187;4.16&#8243; _module_preset=&#187;default&#187; global_colors_info=&#187;{}&#187;][et_pb_image src=&#187;https:\/\/www.blaser-k.ch\/wintergarten\/wp-content\/uploads\/2020\/11\/wintergarten_karl_blaser.png&#187; title_text=&#187;wintergarten_karl_blaser&#187; align_tablet=&#187;left&#187; align_phone=&#187;left&#187; align_last_edited=&#187;on|phone&#187; _builder_version=&#187;4.16&#8243; _module_preset=&#187;default&#187; max_width=&#187;90%&#187; max_width_tablet=&#187;55%&#187; max_width_phone=&#187;65%&#187; max_width_last_edited=&#187;on|desktop&#187; global_colors_info=&#187;{}&#187;][\/et_pb_image][\/et_pb_column][et_pb_column type=&#187;1_3&#8243; _builder_version=&#187;4.16&#8243; _module_preset=&#187;default&#187; global_colors_info=&#187;{}&#187;][et_pb_text _builder_version=&#187;4.16&#8243; _module_preset=&#187;default&#187; text_text_color=&#187;#ffffff&#187; global_colors_info=&#187;{}&#187;]<\/p>\n<p><strong>Karl Blaser AG<\/strong><br \/>Bolligenstrasse 22 b<br \/>CH-3326 Krauchthal<br \/><a href=\"tel:+41344112833\">Telefon 034 411 28 33<\/a><br \/><a href=\"mailto:info@blaser-k.ch\" target=\"_blank\" rel=\"noopener noreferrer\">info@blaser-k.ch<\/a><\/p>\n<p>[\/et_pb_text][\/et_pb_column][et_pb_column type=&#187;1_3&#8243; _builder_version=&#187;4.16&#8243; _module_preset=&#187;default&#187; global_colors_info=&#187;{}&#187;][et_pb_text _builder_version=&#187;4.16&#8243; _dynamic_attributes=&#187;link_option_url&#187; _module_preset=&#187;default&#187; text_text_color=&#187;#ffffff&#187; text_letter_spacing=&#187;3px&#187; transform_scale_tablet=&#187;&#187; transform_scale_phone=&#187;&#187; transform_scale_last_edited=&#187;on|desktop&#187; transform_translate_tablet=&#187;&#187; transform_translate_phone=&#187;&#187; transform_translate_last_edited=&#187;on|desktop&#187; transform_rotate_tablet=&#187;&#187; transform_rotate_phone=&#187;&#187; transform_rotate_last_edited=&#187;on|desktop&#187; transform_skew_tablet=&#187;&#187; transform_skew_phone=&#187;&#187; transform_skew_last_edited=&#187;on|desktop&#187; transform_origin_tablet=&#187;&#187; transform_origin_phone=&#187;&#187; transform_origin_last_edited=&#187;on|desktop&#187; transform_styles_last_edited=&#187;on|desktop&#187; link_option_url=&#187;@ET-DC@eyJkeW5hbWljIjp0cnVlLCJjb250ZW50IjoicG9zdF9saW5rX3VybF9wYWdlIiwic2V0dGluZ3MiOnsicG9zdF9pZCI6IjE3NzgifX0=@&#187; transform_styles_tablet=&#187;&#187; transform_styles_phone=&#187;&#187; global_colors_info=&#187;{}&#187; transform_styles__hover_enabled=&#187;on|hover&#187; transform_scale__hover_enabled=&#187;on|hover&#187; transform_translate__hover_enabled=&#187;on|desktop&#187; transform_rotate__hover_enabled=&#187;on|desktop&#187; transform_skew__hover_enabled=&#187;on|desktop&#187; transform_origin__hover_enabled=&#187;on|desktop&#187; transform_scale__hover=&#187;105%|105%&#187;]<\/p>\n<p style=\"text-align: right;\">IMPRESSUM<\/p>\n<p>[\/et_pb_text][\/et_pb_column][\/et_pb_row][\/et_pb_section][et_pb_section fb_built=&#187;1&#8243; _builder_version=&#187;4.5.6&#8243; _module_preset=&#187;default&#187; custom_padding=&#187;0px||0px|||&#187; global_module=&#187;207&#8243; saved_tabs=&#187;all&#187; global_colors_info=&#187;{}&#187;][et_pb_row column_structure=&#187;1_6,1_6,1_6,1_6,1_6,1_6&#8243; _builder_version=&#187;4.16&#8243; _module_preset=&#187;default&#187; global_colors_info=&#187;{}&#187;][et_pb_column type=&#187;1_6&#8243; _builder_version=&#187;4.16&#8243; _module_preset=&#187;default&#187; global_colors_info=&#187;{}&#187;][et_pb_image src=&#187;https:\/\/www.blaser-k.ch\/wintergarten\/wp-content\/uploads\/2020\/11\/facebook-icon.png&#187; title_text=&#187;facebook-icon&#187; url=&#187;https:\/\/www.facebook.com\/blaserwintergarten&#187; url_new_window=&#187;on&#187; _builder_version=&#187;4.16&#8243; _module_preset=&#187;default&#187; max_height=&#187;35px&#187; global_colors_info=&#187;{}&#187;][\/et_pb_image][\/et_pb_column][et_pb_column type=&#187;1_6&#8243; _builder_version=&#187;4.16&#8243; _module_preset=&#187;default&#187; global_colors_info=&#187;{}&#187;][et_pb_image src=&#187;https:\/\/www.blaser-k.ch\/wintergarten\/wp-content\/uploads\/2024\/07\/linkedin_200px.png&#187; title_text=&#187;linkedin_200px&#187; url=&#187;https:\/\/www.linkedin.com\/company\/karl-blaser-ag\/posts\/?feedView=all&#187; url_new_window=&#187;on&#187; _builder_version=&#187;4.24.1&#8243; _module_preset=&#187;default&#187; max_height=&#187;35px&#187; global_colors_info=&#187;{}&#187;][\/et_pb_image][\/et_pb_column][et_pb_column type=&#187;1_6&#8243; _builder_version=&#187;4.16&#8243; _module_preset=&#187;default&#187; global_colors_info=&#187;{}&#187;][et_pb_image src=&#187;https:\/\/www.blaser-k.ch\/wintergarten\/wp-content\/uploads\/2020\/11\/youtube_icon.png&#187; title_text=&#187;youtube_icon&#187; url=&#187;https:\/\/www.youtube.com\/channel\/UCrTBwHj3UkkUBItIGzvv5rg&#187; url_new_window=&#187;on&#187; _builder_version=&#187;4.16&#8243; _module_preset=&#187;default&#187; max_height=&#187;35px&#187; locked=&#187;off&#187; global_colors_info=&#187;{}&#187;][\/et_pb_image][\/et_pb_column][et_pb_column type=&#187;1_6&#8243; _builder_version=&#187;4.16&#8243; _module_preset=&#187;default&#187; global_colors_info=&#187;{}&#187;][\/et_pb_column][et_pb_column type=&#187;1_6&#8243; _builder_version=&#187;4.16&#8243; _module_preset=&#187;default&#187; global_colors_info=&#187;{}&#187;][\/et_pb_column][et_pb_column type=&#187;1_6&#8243; _builder_version=&#187;4.16&#8243; _module_preset=&#187;default&#187; global_colors_info=&#187;{}&#187;][\/et_pb_column][\/et_pb_row][\/et_pb_section]<\/p>\n","protected":false},"excerpt":{"rendered":"<p>Winterg\u00e4rten von Karl Blaser AGWir sind Wintergartenprofis. Wir waren bei jedem Entwicklungsschritt dabei, von den ersten Aussenstuben aus Holz und Glas in den 90er Jahren bis zum heutigen beheizten Immergarten. Was immer Sie \u00fcber Winterg\u00e4rten wissen m\u00f6chten, wir kennen die Antwort!\u00a0 Der Wintergarten wie man ihn heute kennt, hat seinen Ursprung in den herrschaftlichen Orangerien [&hellip;]<\/p>\n","protected":false},"author":1,"featured_media":0,"parent":0,"menu_order":0,"comment_status":"closed","ping_status":"closed","template":"","meta":{"_et_pb_use_builder":"on","_et_pb_old_content":"","_et_gb_content_width":"","footnotes":""},"class_list":["post-262","page","type-page","status-publish","hentry"],"yoast_head":"<!-- This site is optimized with the Yoast SEO plugin v25.6 - https:\/\/yoast.com\/wordpress\/plugins\/seo\/ -->\n<title>Wintergarten | Terrassenlounge, Bern, Berner Oberland, Fribourg, Emmental, Solothurn, Oberaargau<\/title>\n<meta name=\"description\" content=\"Ihr Partner f\u00fcr Ihren Wintergarten und Ihre Terrassenlounge in den Regionen Bern, Berner Oberland, Fribourg, Emmental, Solothurn und dem Oberaargau\" \/>\n<meta name=\"robots\" content=\"index, follow, max-snippet:-1, max-image-preview:large, max-video-preview:-1\" \/>\n<link rel=\"canonical\" href=\"https:\/\/www.blaser-k.ch\/wintergarten\/uebersicht_wintergaerten\/\" \/>\n<meta property=\"og:locale\" content=\"de_DE\" \/>\n<meta property=\"og:type\" content=\"article\" \/>\n<meta property=\"og:title\" content=\"Wintergarten | Terrassenlounge, Bern, Berner Oberland, Fribourg, Emmental, Solothurn, Oberaargau\" \/>\n<meta property=\"og:description\" content=\"Ihr Partner f\u00fcr Ihren Wintergarten und Ihre Terrassenlounge in den Regionen Bern, Berner Oberland, Fribourg, Emmental, Solothurn und dem Oberaargau\" \/>\n<meta property=\"og:url\" content=\"https:\/\/www.blaser-k.ch\/wintergarten\/uebersicht_wintergaerten\/\" \/>\n<meta property=\"og:site_name\" content=\"Karl Blaser AG\" \/>\n<meta property=\"article:modified_time\" content=\"2025-08-19T09:45:29+00:00\" \/>\n<meta name=\"twitter:card\" content=\"summary_large_image\" \/>\n<meta name=\"twitter:label1\" content=\"Gesch\u00e4tzte Lesezeit\" \/>\n\t<meta name=\"twitter:data1\" content=\"8\u00a0Minuten\" \/>\n<script type=\"application\/ld+json\" class=\"yoast-schema-graph\">{\"@context\":\"https:\/\/schema.org\",\"@graph\":[{\"@type\":\"WebPage\",\"@id\":\"https:\/\/www.blaser-k.ch\/wintergarten\/uebersicht_wintergaerten\/\",\"url\":\"https:\/\/www.blaser-k.ch\/wintergarten\/uebersicht_wintergaerten\/\",\"name\":\"Wintergarten | Terrassenlounge, Bern, Berner Oberland, Fribourg, Emmental, Solothurn, Oberaargau\",\"isPartOf\":{\"@id\":\"https:\/\/www.blaser-k.ch\/wintergarten\/#website\"},\"datePublished\":\"2021-01-19T13:32:06+00:00\",\"dateModified\":\"2025-08-19T09:45:29+00:00\",\"description\":\"Ihr Partner f\u00fcr Ihren Wintergarten und Ihre Terrassenlounge in den Regionen Bern, Berner Oberland, Fribourg, Emmental, Solothurn und dem Oberaargau\",\"breadcrumb\":{\"@id\":\"https:\/\/www.blaser-k.ch\/wintergarten\/uebersicht_wintergaerten\/#breadcrumb\"},\"inLanguage\":\"de-CH\",\"potentialAction\":[{\"@type\":\"ReadAction\",\"target\":[\"https:\/\/www.blaser-k.ch\/wintergarten\/uebersicht_wintergaerten\/\"]}]},{\"@type\":\"BreadcrumbList\",\"@id\":\"https:\/\/www.blaser-k.ch\/wintergarten\/uebersicht_wintergaerten\/#breadcrumb\",\"itemListElement\":[{\"@type\":\"ListItem\",\"position\":1,\"name\":\"Home\",\"item\":\"https:\/\/www.blaser-k.ch\/wintergarten\/\"},{\"@type\":\"ListItem\",\"position\":2,\"name\":\"\u00dcbersicht Winterg\u00e4rten Karl Blaser AG\"}]},{\"@type\":\"WebSite\",\"@id\":\"https:\/\/www.blaser-k.ch\/wintergarten\/#website\",\"url\":\"https:\/\/www.blaser-k.ch\/wintergarten\/\",\"name\":\"Karl Blaser AG\",\"description\":\"Winterg\u00e4rten - \u00dcberdachungen - Verglasungen\",\"potentialAction\":[{\"@type\":\"SearchAction\",\"target\":{\"@type\":\"EntryPoint\",\"urlTemplate\":\"https:\/\/www.blaser-k.ch\/wintergarten\/?s={search_term_string}\"},\"query-input\":{\"@type\":\"PropertyValueSpecification\",\"valueRequired\":true,\"valueName\":\"search_term_string\"}}],\"inLanguage\":\"de-CH\"}]}<\/script>\n<!-- \/ Yoast SEO plugin. -->","yoast_head_json":{"title":"Wintergarten | Terrassenlounge, Bern, Berner Oberland, Fribourg, Emmental, Solothurn, Oberaargau","description":"Ihr Partner f\u00fcr Ihren Wintergarten und Ihre Terrassenlounge in den Regionen Bern, Berner Oberland, Fribourg, Emmental, Solothurn und dem Oberaargau","robots":{"index":"index","follow":"follow","max-snippet":"max-snippet:-1","max-image-preview":"max-image-preview:large","max-video-preview":"max-video-preview:-1"},"canonical":"https:\/\/www.blaser-k.ch\/wintergarten\/uebersicht_wintergaerten\/","og_locale":"de_DE","og_type":"article","og_title":"Wintergarten | Terrassenlounge, Bern, Berner Oberland, Fribourg, Emmental, Solothurn, Oberaargau","og_description":"Ihr Partner f\u00fcr Ihren Wintergarten und Ihre Terrassenlounge in den Regionen Bern, Berner Oberland, Fribourg, Emmental, Solothurn und dem Oberaargau","og_url":"https:\/\/www.blaser-k.ch\/wintergarten\/uebersicht_wintergaerten\/","og_site_name":"Karl Blaser AG","article_modified_time":"2025-08-19T09:45:29+00:00","twitter_card":"summary_large_image","twitter_misc":{"Gesch\u00e4tzte Lesezeit":"8\u00a0Minuten"},"schema":{"@context":"https:\/\/schema.org","@graph":[{"@type":"WebPage","@id":"https:\/\/www.blaser-k.ch\/wintergarten\/uebersicht_wintergaerten\/","url":"https:\/\/www.blaser-k.ch\/wintergarten\/uebersicht_wintergaerten\/","name":"Wintergarten | Terrassenlounge, Bern, Berner Oberland, Fribourg, Emmental, Solothurn, Oberaargau","isPartOf":{"@id":"https:\/\/www.blaser-k.ch\/wintergarten\/#website"},"datePublished":"2021-01-19T13:32:06+00:00","dateModified":"2025-08-19T09:45:29+00:00","description":"Ihr Partner f\u00fcr Ihren Wintergarten und Ihre Terrassenlounge in den Regionen Bern, Berner Oberland, Fribourg, Emmental, Solothurn und dem Oberaargau","breadcrumb":{"@id":"https:\/\/www.blaser-k.ch\/wintergarten\/uebersicht_wintergaerten\/#breadcrumb"},"inLanguage":"de-CH","potentialAction":[{"@type":"ReadAction","target":["https:\/\/www.blaser-k.ch\/wintergarten\/uebersicht_wintergaerten\/"]}]},{"@type":"BreadcrumbList","@id":"https:\/\/www.blaser-k.ch\/wintergarten\/uebersicht_wintergaerten\/#breadcrumb","itemListElement":[{"@type":"ListItem","position":1,"name":"Home","item":"https:\/\/www.blaser-k.ch\/wintergarten\/"},{"@type":"ListItem","position":2,"name":"\u00dcbersicht Winterg\u00e4rten Karl Blaser AG"}]},{"@type":"WebSite","@id":"https:\/\/www.blaser-k.ch\/wintergarten\/#website","url":"https:\/\/www.blaser-k.ch\/wintergarten\/","name":"Karl Blaser AG","description":"Winterg\u00e4rten - \u00dcberdachungen - Verglasungen","potentialAction":[{"@type":"SearchAction","target":{"@type":"EntryPoint","urlTemplate":"https:\/\/www.blaser-k.ch\/wintergarten\/?s={search_term_string}"},"query-input":{"@type":"PropertyValueSpecification","valueRequired":true,"valueName":"search_term_string"}}],"inLanguage":"de-CH"}]}},"_links":{"self":[{"href":"https:\/\/www.blaser-k.ch\/wintergarten\/wp-json\/wp\/v2\/pages\/262","targetHints":{"allow":["GET"]}}],"collection":[{"href":"https:\/\/www.blaser-k.ch\/wintergarten\/wp-json\/wp\/v2\/pages"}],"about":[{"href":"https:\/\/www.blaser-k.ch\/wintergarten\/wp-json\/wp\/v2\/types\/page"}],"author":[{"embeddable":true,"href":"https:\/\/www.blaser-k.ch\/wintergarten\/wp-json\/wp\/v2\/users\/1"}],"replies":[{"embeddable":true,"href":"https:\/\/www.blaser-k.ch\/wintergarten\/wp-json\/wp\/v2\/comments?post=262"}],"version-history":[{"count":78,"href":"https:\/\/www.blaser-k.ch\/wintergarten\/wp-json\/wp\/v2\/pages\/262\/revisions"}],"predecessor-version":[{"id":3080,"href":"https:\/\/www.blaser-k.ch\/wintergarten\/wp-json\/wp\/v2\/pages\/262\/revisions\/3080"}],"wp:attachment":[{"href":"https:\/\/www.blaser-k.ch\/wintergarten\/wp-json\/wp\/v2\/media?parent=262"}],"curies":[{"name":"wp","href":"https:\/\/api.w.org\/{rel}","templated":true}]}}